{"id":53,"date":"2024-08-16T18:06:41","date_gmt":"2024-08-16T16:06:41","guid":{"rendered":"https:\/\/maurhojimenez.com\/?page_id=53"},"modified":"2024-09-18T17:52:57","modified_gmt":"2024-09-18T15:52:57","slug":"bio","status":"publish","type":"page","link":"https:\/\/maurhojimenez.com\/?page_id=53","title":{"rendered":"Bio"},"content":{"rendered":"<p>[et_pb_section fb_built=\u00bb1&#8243; _builder_version=\u00bb4.27.0&#8243; _module_preset=\u00bbdefault\u00bb background_color=\u00bb#184059&#8243; background_image=\u00bbhttps:\/\/maurhojimenez.com\/wp-content\/uploads\/2024\/08\/audio-technica-5002626_1920.jpg\u00bb background_blend=\u00bbmultiply\u00bb global_colors_info=\u00bb{}\u00bb][et_pb_row _builder_version=\u00bb4.24.0&#8243; _module_preset=\u00bbdefault\u00bb global_colors_info=\u00bb{}\u00bb][et_pb_column type=\u00bb4_4&#8243; _builder_version=\u00bb4.24.0&#8243; _module_preset=\u00bbdefault\u00bb global_colors_info=\u00bb{}\u00bb][et_pb_text _builder_version=\u00bb4.27.0&#8243; _module_preset=\u00bbdefault\u00bb text_font=\u00bbMontserrat||||||||\u00bb text_text_color=\u00bb#FFFFFF\u00bb text_font_size=\u00bb35px\u00bb text_orientation=\u00bbcenter\u00bb text_font_size_tablet=\u00bb35px\u00bb text_font_size_phone=\u00bb25px\u00bb text_font_size_last_edited=\u00bbon|phone\u00bb text_line_height_tablet=\u00bb\u00bb text_line_height_phone=\u00bb1em\u00bb text_line_height_last_edited=\u00bbon|phone\u00bb locked=\u00bboff\u00bb global_colors_info=\u00bb{}\u00bb]<\/p>\n<p><strong>BIO<br \/><\/strong><\/p>\n<p>[\/et_pb_text][\/et_pb_column][\/et_pb_row][et_pb_row _builder_version=\u00bb4.24.0&#8243; _module_preset=\u00bbdefault\u00bb global_colors_info=\u00bb{}\u00bb][et_pb_column type=\u00bb4_4&#8243; _builder_version=\u00bb4.24.0&#8243; _module_preset=\u00bbdefault\u00bb global_colors_info=\u00bb{}\u00bb][et_pb_text _builder_version=\u00bb4.27.0&#8243; _module_preset=\u00bbdefault\u00bb text_font=\u00bbMontserrat||||||||\u00bb text_text_color=\u00bb#FFFFFF\u00bb text_font_size=\u00bb16px\u00bb text_orientation=\u00bbcenter\u00bb hover_enabled=\u00bb0&#8243; global_colors_info=\u00bb{}\u00bb sticky_enabled=\u00bb0&#8243;]<\/p>\n<p>Nac\u00ed en la colorida y art\u00edstica sucursal del cielo y capital del valle del Cauca, <a href=\"https:\/\/es.wikipedia.org\/wiki\/Cali\"><strong><span style=\"color: #ffffff;\">Cali &#8211; Colombia<\/span><\/strong><\/a>!<\/p>\n<p><strong>\u00a0<\/strong><\/p>\n<p>[\/et_pb_text][\/et_pb_column][\/et_pb_row][\/et_pb_section][et_pb_section fb_built=\u00bb1&#8243; specialty=\u00bbon\u00bb _builder_version=\u00bb4.27.0&#8243; _module_preset=\u00bbdefault\u00bb custom_margin=\u00bb0px||0px||false|false\u00bb custom_padding=\u00bb0px||0px||false|false\u00bb global_colors_info=\u00bb{}\u00bb][et_pb_column type=\u00bb1_2&#8243; _builder_version=\u00bb4.16&#8243; custom_padding=\u00bb|||\u00bb global_colors_info=\u00bb{}\u00bb custom_padding__hover=\u00bb|||\u00bb][et_pb_image src=\u00bbhttps:\/\/maurhojimenez.com\/wp-content\/uploads\/2024\/08\/Mauro-Jimenez-3-min.jpg\u00bb align=\u00bbright\u00bb _builder_version=\u00bb4.27.0&#8243; _module_preset=\u00bbdefault\u00bb width=\u00bb85%\u00bb max_width=\u00bb100%\u00bb hover_enabled=\u00bb0&#8243; border_width_all=\u00bb10px\u00bb border_color_all=\u00bb#FFFFFF\u00bb box_shadow_style=\u00bbpreset3&#8243; locked=\u00bboff\u00bb global_colors_info=\u00bb{}\u00bb alt=\u00bbBIO &#8211; Maurho Jimenez, un actor de voz y locutor. Ofrece cursos b\u00e1sicos de locuci\u00f3n profesional y oratoria, as\u00ed como servicios de voz e imagen para marcas audiovisuales. Tambi\u00e9n tiene una secci\u00f3n de %22Acerca de m\u00ed%22 donde habla de su experiencia y formaci\u00f3n.\u00bb title_text=\u00bbMaurho Jimenez\u00bb sticky_enabled=\u00bb0&#8243;][\/et_pb_image][\/et_pb_column][et_pb_column type=\u00bb1_2&#8243; specialty_columns=\u00bb2&#8243; _builder_version=\u00bb4.16&#8243; custom_padding=\u00bb|||\u00bb global_colors_info=\u00bb{}\u00bb custom_padding__hover=\u00bb|||\u00bb][et_pb_row_inner _builder_version=\u00bb4.27.0&#8243; _module_preset=\u00bbdefault\u00bb global_colors_info=\u00bb{}\u00bb][et_pb_column_inner saved_specialty_column_type=\u00bb1_2&#8243; _builder_version=\u00bb4.27.0&#8243; _module_preset=\u00bbdefault\u00bb global_colors_info=\u00bb{}\u00bb][et_pb_text _builder_version=\u00bb4.27.0&#8243; _module_preset=\u00bbdefault\u00bb text_font=\u00bbMontserrat||||||||\u00bb text_text_color=\u00bb#184059&#8243; text_font_size=\u00bb16px\u00bb hover_enabled=\u00bb0&#8243; locked=\u00bboff\u00bb global_colors_info=\u00bb{}\u00bb sticky_enabled=\u00bb0&#8243;]<\/p>\n<p>Desde peque\u00f1o, privilegiado e inspirado por los entornos en los que crec\u00ed, normalmente rodeado de maestros y personas llenas de mucho talento, alegr\u00eda, cultura y sabor&#8230;<\/p>\n<p>Crec\u00ed en medio de la salsa, blues, rock and roll y las peliculas de acci\u00f3n y artes marciales, que me llevaron a so\u00f1ar con ser actor !<\/p>\n<p>Recuerdo las casi mil veces que me v\u00ed las sagas de bruce lee, rambo, rocky balboa, como tambi\u00e9n series animadas de los thundercats, caballeros del zodiaco entre muchas m\u00e1s&#8230;<\/p>\n<p>Estudi\u00e9\u00a0comunicaci\u00f3n social, actuaci\u00f3n, publicidad, m\u00fasica, karate do, taekwondo, kung-fu y capoeira.<\/p>\n<p>Especializado en interpretaci\u00f3n actoral cinematogr\u00e1fica, locuci\u00f3n comercial, Ring announcer, la\u00a0oratoria y su ense\u00f1anza.<br \/>Fue en 2008, cuando con mucha adrenalina, decid\u00ed radicarme en Bogot\u00e1 DC, para aprender doblaje e ingresar al mundo de la voz actuada&#8230;<\/p>\n<p>A los tres meses y despu\u00e9s de presentar muchos castings que valorables amigos me recomendaban, me llamaron del canal ntn24, para ser su voz oficial y, al pasar el tiempo tambi\u00e9n\u00a0del canal rcn y nuestra tele internacional como rcn novelas; esto comenz\u00f3 a dar forma solida, a un camino en el que sin duda, Pap\u00e1 Dios, me llevaba de su mano y lo sigue haciendo !<\/p>\n<p><strong>\u00a0<\/strong><\/p>\n<p>[\/et_pb_text][\/et_pb_column_inner][\/et_pb_row_inner][\/et_pb_column][\/et_pb_section][et_pb_section fb_built=\u00bb1&#8243; specialty=\u00bbon\u00bb _builder_version=\u00bb4.27.0&#8243; _module_preset=\u00bbdefault\u00bb global_colors_info=\u00bb{}\u00bb][et_pb_column type=\u00bb1_2&#8243; specialty_columns=\u00bb2&#8243; _builder_version=\u00bb4.16&#8243; custom_padding=\u00bb|||\u00bb global_colors_info=\u00bb{}\u00bb custom_padding__hover=\u00bb|||\u00bb][et_pb_row_inner _builder_version=\u00bb4.27.0&#8243; _module_preset=\u00bbdefault\u00bb global_colors_info=\u00bb{}\u00bb][et_pb_column_inner saved_specialty_column_type=\u00bb1_2&#8243; _builder_version=\u00bb4.27.0&#8243; _module_preset=\u00bbdefault\u00bb global_colors_info=\u00bb{}\u00bb][et_pb_text _builder_version=\u00bb4.27.0&#8243; _module_preset=\u00bbdefault\u00bb text_font=\u00bbMontserrat||||||||\u00bb text_text_color=\u00bb#184059&#8243; text_font_size=\u00bb16px\u00bb text_orientation=\u00bbright\u00bb hover_enabled=\u00bb0&#8243; locked=\u00bboff\u00bb global_colors_info=\u00bb{}\u00bb sticky_enabled=\u00bb0&#8243;]<\/p>\n<p>Paralelo ingres\u00e9 a estudiar, teatro en Casa ensamble, hoy Casa E, m\u00faltiples\u00a0talleres de televisi\u00f3n y la s\u00faper t\u00e9cnica\u00a0cinematogr\u00e1fica de sanford meisner en casa meisner Latinoam\u00e9rica, lo cual me acerc\u00f3 m\u00e1s a mis sue\u00f1os y se abrieron muchas puertas como en\u00a0<a href=\"https:\/\/maurhojimenez.com\/book\/\"><span style=\"color: #000000;\"><strong>Netflix<\/strong><\/span><\/a>\u00a0y trabajar en m\u00e9xico.<\/p>\n<p>&nbsp;<\/p>\n<p>Conoc\u00ed el verdadero amor, cuando naci\u00f3\u00a0mi amada hija Silvana, haci\u00e9ndome el hombre y pap\u00e1 m\u00e1s feliz !<br \/>Actualmente,\u00a0estoy radicado en Espa\u00f1a\u00a0y listo para ingresar a esta hermosa industria del cine espa\u00f1ol !<\/p>\n<p>Al paralelo, sigo\u00a0grabando locuciones desde\u00a0mi\u00a0estudio\u00a0m\u00f3vil,\u00a0como tambi\u00e9n\u00a0ense\u00f1ando el manejo de la voz\u00a0interpretada, la elocuencia y la gestor\u00eda personalizada para la locuci\u00f3n, en mis programas educativos @vozatista y cultura del servicio en\u00a0@itsaboutyouanfitrione<\/p>\n<p>&nbsp;<\/p>\n<p>Ahora y desde aqu\u00ed, en mi sitioweb, te acompa\u00f1o con mis servicios y productos.<\/p>\n<p><strong>\u00a1Fuerte abrazo!<\/strong><\/p>\n<p><strong>\u00a0<\/strong><\/p>\n<p>[\/et_pb_text][\/et_pb_column_inner][\/et_pb_row_inner][\/et_pb_column][et_pb_column type=\u00bb1_2&#8243; _builder_version=\u00bb4.16&#8243; custom_padding=\u00bb|||\u00bb global_colors_info=\u00bb{}\u00bb custom_padding__hover=\u00bb|||\u00bb][et_pb_image src=\u00bbhttps:\/\/maurhojimenez.com\/wp-content\/uploads\/2024\/08\/Mauro-Jimenez-1-min.jpg\u00bb _builder_version=\u00bb4.27.0&#8243; _module_preset=\u00bbdefault\u00bb width=\u00bb85%\u00bb max_width=\u00bb100%\u00bb hover_enabled=\u00bb0&#8243; border_width_all=\u00bb10px\u00bb border_color_all=\u00bb#FFFFFF\u00bb box_shadow_style=\u00bbpreset3&#8243; global_colors_info=\u00bb{}\u00bb alt=\u00bbBIO &#8211; Maurho Jimenez, un actor de voz y locutor. Ofrece cursos b\u00e1sicos de locuci\u00f3n profesional y oratoria, as\u00ed como servicios de voz e imagen para marcas audiovisuales. Tambi\u00e9n tiene una secci\u00f3n de %22Acerca de m\u00ed%22 donde habla de su experiencia y formaci\u00f3n.\u00bb title_text=\u00bbBIO &#8211; Maurho Jinenez\u00bb sticky_enabled=\u00bb0&#8243;][\/et_pb_image][\/et_pb_column][\/et_pb_section]<\/p>\n","protected":false},"excerpt":{"rendered":"<p>BIONac\u00ed en la colorida y art\u00edstica sucursal del cielo y capital del valle del Cauca, Cali &#8211; Colombia! \u00a0Desde peque\u00f1o, privilegiado e inspirado por los entornos en los que crec\u00ed, normalmente rodeado de maestros y personas llenas de mucho talento, alegr\u00eda, cultura y sabor&#8230; Crec\u00ed en medio de la salsa, blues, rock and roll y [&hellip;]<\/p>\n","protected":false},"author":1,"featured_media":101,"parent":0,"menu_order":0,"comment_status":"closed","ping_status":"closed","template":"","meta":{"_et_pb_use_builder":"on","_et_pb_old_content":"<!-- wp:divi\/placeholder \/-->","_et_gb_content_width":"","footnotes":""},"class_list":["post-53","page","type-page","status-publish","has-post-thumbnail","hentry"],"yoast_head":"<!-- This site is optimized with the Yoast SEO plugin v28.3 - https:\/\/yoast.com\/product\/yoast-seo-wordpress\/ -->\n<title>BIO - Maurho Jimenez \/ Actor - Voice Talent<\/title>\n<meta name=\"description\" content=\"BIO \u00ae\ufe0f Nac\u00ed en la colorida y art\u00edstica sucursal del cielo y capital del valle del Cauca, Cali \u2013 Colombia! Desde peque\u00f1o, privilegiado e...\" \/>\n<meta name=\"robots\" content=\"index, follow, max-snippet:-1, max-image-preview:large, max-video-preview:-1\" \/>\n<link rel=\"canonical\" href=\"https:\/\/maurhojimenez.com\/bio\/\" \/>\n<meta property=\"og:locale\" content=\"es_ES\" \/>\n<meta property=\"og:type\" content=\"article\" \/>\n<meta property=\"og:title\" content=\"BIO - Maurho Jimenez \/ Actor - Voice Talent\" \/>\n<meta property=\"og:description\" content=\"BIO \u00ae\ufe0f Nac\u00ed en la colorida y art\u00edstica sucursal del cielo y capital del valle del Cauca, Cali \u2013 Colombia! Desde peque\u00f1o, privilegiado e...\" \/>\n<meta property=\"og:url\" content=\"https:\/\/maurhojimenez.com\/bio\/\" \/>\n<meta property=\"og:site_name\" content=\"Maurho Jimenez \/ Actor - Voice Talent\" \/>\n<meta property=\"article:modified_time\" content=\"2024-09-18T15:52:57+00:00\" \/>\n<meta property=\"og:image\" content=\"https:\/\/maurhojimenez.com\/wp-content\/uploads\/2024\/08\/Mauro-Jimenez-3-min.jpg\" \/>\n\t<meta property=\"og:image:width\" content=\"1280\" \/>\n\t<meta property=\"og:image:height\" content=\"1816\" \/>\n\t<meta property=\"og:image:type\" content=\"image\/jpeg\" \/>\n<meta name=\"twitter:card\" content=\"summary_large_image\" \/>\n<meta name=\"twitter:label1\" content=\"Tiempo de lectura\" \/>\n\t<meta name=\"twitter:data1\" content=\"3 minutos\" \/>\n<script type=\"application\/ld+json\" class=\"yoast-schema-graph\">{\"@context\":\"https:\\\/\\\/schema.org\",\"@graph\":[{\"@type\":\"WebPage\",\"@id\":\"https:\\\/\\\/maurhojimenez.com\\\/bio\\\/\",\"url\":\"https:\\\/\\\/maurhojimenez.com\\\/bio\\\/\",\"name\":\"BIO - Maurho Jimenez \\\/ Actor - Voice Talent\",\"isPartOf\":{\"@id\":\"https:\\\/\\\/maurhojimenez.com\\\/#website\"},\"primaryImageOfPage\":{\"@id\":\"https:\\\/\\\/maurhojimenez.com\\\/bio\\\/#primaryimage\"},\"image\":{\"@id\":\"https:\\\/\\\/maurhojimenez.com\\\/bio\\\/#primaryimage\"},\"thumbnailUrl\":\"https:\\\/\\\/maurhojimenez.com\\\/wp-content\\\/uploads\\\/2024\\\/08\\\/Mauro-Jimenez-3-min.jpg\",\"datePublished\":\"2024-08-16T16:06:41+00:00\",\"dateModified\":\"2024-09-18T15:52:57+00:00\",\"description\":\"BIO \u00ae\ufe0f Nac\u00ed en la colorida y art\u00edstica sucursal del cielo y capital del valle del Cauca, Cali \u2013 Colombia! Desde peque\u00f1o, privilegiado e...\",\"breadcrumb\":{\"@id\":\"https:\\\/\\\/maurhojimenez.com\\\/bio\\\/#breadcrumb\"},\"inLanguage\":\"es\",\"potentialAction\":[{\"@type\":\"ReadAction\",\"target\":[\"https:\\\/\\\/maurhojimenez.com\\\/bio\\\/\"]}]},{\"@type\":\"ImageObject\",\"inLanguage\":\"es\",\"@id\":\"https:\\\/\\\/maurhojimenez.com\\\/bio\\\/#primaryimage\",\"url\":\"https:\\\/\\\/maurhojimenez.com\\\/wp-content\\\/uploads\\\/2024\\\/08\\\/Mauro-Jimenez-3-min.jpg\",\"contentUrl\":\"https:\\\/\\\/maurhojimenez.com\\\/wp-content\\\/uploads\\\/2024\\\/08\\\/Mauro-Jimenez-3-min.jpg\",\"width\":1280,\"height\":1816,\"caption\":\"BIO - Maurho Jimenez, un actor de voz y locutor. Ofrece cursos b\u00e1sicos de locuci\u00f3n profesional y oratoria, as\u00ed como servicios de voz e imagen para marcas audiovisuales. Tambi\u00e9n tiene una secci\u00f3n de \\\"Acerca de m\u00ed\\\" donde habla de su experiencia y formaci\u00f3n.\"},{\"@type\":\"BreadcrumbList\",\"@id\":\"https:\\\/\\\/maurhojimenez.com\\\/bio\\\/#breadcrumb\",\"itemListElement\":[{\"@type\":\"ListItem\",\"position\":1,\"name\":\"Home\",\"item\":\"https:\\\/\\\/maurhojimenez.com\\\/\"},{\"@type\":\"ListItem\",\"position\":2,\"name\":\"Bio\"}]},{\"@type\":\"WebSite\",\"@id\":\"https:\\\/\\\/maurhojimenez.com\\\/#website\",\"url\":\"https:\\\/\\\/maurhojimenez.com\\\/\",\"name\":\"Maurho Jimenez \\\/ Actor - Voice Talent\",\"description\":\"\",\"publisher\":{\"@id\":\"https:\\\/\\\/maurhojimenez.com\\\/#\\\/schema\\\/person\\\/80a28a778c3060cdd2de8d4cfc8c23d6\"},\"potentialAction\":[{\"@type\":\"SearchAction\",\"target\":{\"@type\":\"EntryPoint\",\"urlTemplate\":\"https:\\\/\\\/maurhojimenez.com\\\/?s={search_term_string}\"},\"query-input\":{\"@type\":\"PropertyValueSpecification\",\"valueRequired\":true,\"valueName\":\"search_term_string\"}}],\"inLanguage\":\"es\"},{\"@type\":[\"Person\",\"Organization\"],\"@id\":\"https:\\\/\\\/maurhojimenez.com\\\/#\\\/schema\\\/person\\\/80a28a778c3060cdd2de8d4cfc8c23d6\",\"name\":\"maurhojimenez\",\"image\":{\"@type\":\"ImageObject\",\"inLanguage\":\"es\",\"@id\":\"https:\\\/\\\/maurhojimenez.com\\\/wp-content\\\/uploads\\\/2024\\\/08\\\/Logo-Banner-Menu-Maurho-Jimenez-min-min.png\",\"url\":\"https:\\\/\\\/maurhojimenez.com\\\/wp-content\\\/uploads\\\/2024\\\/08\\\/Logo-Banner-Menu-Maurho-Jimenez-min-min.png\",\"contentUrl\":\"https:\\\/\\\/maurhojimenez.com\\\/wp-content\\\/uploads\\\/2024\\\/08\\\/Logo-Banner-Menu-Maurho-Jimenez-min-min.png\",\"width\":590,\"height\":200,\"caption\":\"maurhojimenez\"},\"logo\":{\"@id\":\"https:\\\/\\\/maurhojimenez.com\\\/wp-content\\\/uploads\\\/2024\\\/08\\\/Logo-Banner-Menu-Maurho-Jimenez-min-min.png\"},\"sameAs\":[\"https:\\\/\\\/maurhojimenez.com\"]}]}<\/script>\n<!-- \/ Yoast SEO plugin. -->","yoast_head_json":{"title":"BIO - Maurho Jimenez \/ Actor - Voice Talent","description":"BIO \u00ae\ufe0f Nac\u00ed en la colorida y art\u00edstica sucursal del cielo y capital del valle del Cauca, Cali \u2013 Colombia! Desde peque\u00f1o, privilegiado e...","robots":{"index":"index","follow":"follow","max-snippet":"max-snippet:-1","max-image-preview":"max-image-preview:large","max-video-preview":"max-video-preview:-1"},"canonical":"https:\/\/maurhojimenez.com\/bio\/","og_locale":"es_ES","og_type":"article","og_title":"BIO - Maurho Jimenez \/ Actor - Voice Talent","og_description":"BIO \u00ae\ufe0f Nac\u00ed en la colorida y art\u00edstica sucursal del cielo y capital del valle del Cauca, Cali \u2013 Colombia! Desde peque\u00f1o, privilegiado e...","og_url":"https:\/\/maurhojimenez.com\/bio\/","og_site_name":"Maurho Jimenez \/ Actor - Voice Talent","article_modified_time":"2024-09-18T15:52:57+00:00","og_image":[{"width":1280,"height":1816,"url":"https:\/\/maurhojimenez.com\/wp-content\/uploads\/2024\/08\/Mauro-Jimenez-3-min.jpg","type":"image\/jpeg"}],"twitter_card":"summary_large_image","twitter_misc":{"Tiempo de lectura":"3 minutos"},"schema":{"@context":"https:\/\/schema.org","@graph":[{"@type":"WebPage","@id":"https:\/\/maurhojimenez.com\/bio\/","url":"https:\/\/maurhojimenez.com\/bio\/","name":"BIO - Maurho Jimenez \/ Actor - Voice Talent","isPartOf":{"@id":"https:\/\/maurhojimenez.com\/#website"},"primaryImageOfPage":{"@id":"https:\/\/maurhojimenez.com\/bio\/#primaryimage"},"image":{"@id":"https:\/\/maurhojimenez.com\/bio\/#primaryimage"},"thumbnailUrl":"https:\/\/maurhojimenez.com\/wp-content\/uploads\/2024\/08\/Mauro-Jimenez-3-min.jpg","datePublished":"2024-08-16T16:06:41+00:00","dateModified":"2024-09-18T15:52:57+00:00","description":"BIO \u00ae\ufe0f Nac\u00ed en la colorida y art\u00edstica sucursal del cielo y capital del valle del Cauca, Cali \u2013 Colombia! Desde peque\u00f1o, privilegiado e...","breadcrumb":{"@id":"https:\/\/maurhojimenez.com\/bio\/#breadcrumb"},"inLanguage":"es","potentialAction":[{"@type":"ReadAction","target":["https:\/\/maurhojimenez.com\/bio\/"]}]},{"@type":"ImageObject","inLanguage":"es","@id":"https:\/\/maurhojimenez.com\/bio\/#primaryimage","url":"https:\/\/maurhojimenez.com\/wp-content\/uploads\/2024\/08\/Mauro-Jimenez-3-min.jpg","contentUrl":"https:\/\/maurhojimenez.com\/wp-content\/uploads\/2024\/08\/Mauro-Jimenez-3-min.jpg","width":1280,"height":1816,"caption":"BIO - Maurho Jimenez, un actor de voz y locutor. Ofrece cursos b\u00e1sicos de locuci\u00f3n profesional y oratoria, as\u00ed como servicios de voz e imagen para marcas audiovisuales. Tambi\u00e9n tiene una secci\u00f3n de \"Acerca de m\u00ed\" donde habla de su experiencia y formaci\u00f3n."},{"@type":"BreadcrumbList","@id":"https:\/\/maurhojimenez.com\/bio\/#breadcrumb","itemListElement":[{"@type":"ListItem","position":1,"name":"Home","item":"https:\/\/maurhojimenez.com\/"},{"@type":"ListItem","position":2,"name":"Bio"}]},{"@type":"WebSite","@id":"https:\/\/maurhojimenez.com\/#website","url":"https:\/\/maurhojimenez.com\/","name":"Maurho Jimenez \/ Actor - Voice Talent","description":"","publisher":{"@id":"https:\/\/maurhojimenez.com\/#\/schema\/person\/80a28a778c3060cdd2de8d4cfc8c23d6"},"potentialAction":[{"@type":"SearchAction","target":{"@type":"EntryPoint","urlTemplate":"https:\/\/maurhojimenez.com\/?s={search_term_string}"},"query-input":{"@type":"PropertyValueSpecification","valueRequired":true,"valueName":"search_term_string"}}],"inLanguage":"es"},{"@type":["Person","Organization"],"@id":"https:\/\/maurhojimenez.com\/#\/schema\/person\/80a28a778c3060cdd2de8d4cfc8c23d6","name":"maurhojimenez","image":{"@type":"ImageObject","inLanguage":"es","@id":"https:\/\/maurhojimenez.com\/wp-content\/uploads\/2024\/08\/Logo-Banner-Menu-Maurho-Jimenez-min-min.png","url":"https:\/\/maurhojimenez.com\/wp-content\/uploads\/2024\/08\/Logo-Banner-Menu-Maurho-Jimenez-min-min.png","contentUrl":"https:\/\/maurhojimenez.com\/wp-content\/uploads\/2024\/08\/Logo-Banner-Menu-Maurho-Jimenez-min-min.png","width":590,"height":200,"caption":"maurhojimenez"},"logo":{"@id":"https:\/\/maurhojimenez.com\/wp-content\/uploads\/2024\/08\/Logo-Banner-Menu-Maurho-Jimenez-min-min.png"},"sameAs":["https:\/\/maurhojimenez.com"]}]}},"_links":{"self":[{"href":"https:\/\/maurhojimenez.com\/index.php?rest_route=\/wp\/v2\/pages\/53","targetHints":{"allow":["GET"]}}],"collection":[{"href":"https:\/\/maurhojimenez.com\/index.php?rest_route=\/wp\/v2\/pages"}],"about":[{"href":"https:\/\/maurhojimenez.com\/index.php?rest_route=\/wp\/v2\/types\/page"}],"author":[{"embeddable":true,"href":"https:\/\/maurhojimenez.com\/index.php?rest_route=\/wp\/v2\/users\/1"}],"replies":[{"embeddable":true,"href":"https:\/\/maurhojimenez.com\/index.php?rest_route=%2Fwp%2Fv2%2Fcomments&post=53"}],"version-history":[{"count":0,"href":"https:\/\/maurhojimenez.com\/index.php?rest_route=\/wp\/v2\/pages\/53\/revisions"}],"wp:featuredmedia":[{"embeddable":true,"href":"https:\/\/maurhojimenez.com\/index.php?rest_route=\/wp\/v2\/media\/101"}],"wp:attachment":[{"href":"https:\/\/maurhojimenez.com\/index.php?rest_route=%2Fwp%2Fv2%2Fmedia&parent=53"}],"curies":[{"name":"wp","href":"https:\/\/api.w.org\/{rel}","templated":true}]}}