{"id":55,"date":"2024-08-16T18:07:01","date_gmt":"2024-08-16T16:07:01","guid":{"rendered":"https:\/\/maurhojimenez.com\/?page_id=55"},"modified":"2024-08-21T15:36:32","modified_gmt":"2024-08-21T13:36:32","slug":"book","status":"publish","type":"page","link":"https:\/\/maurhojimenez.com\/?page_id=55","title":{"rendered":"Book"},"content":{"rendered":"<p>[et_pb_section fb_built=\u00bb1&#8243; _builder_version=\u00bb4.27.0&#8243; _module_preset=\u00bbdefault\u00bb background_color=\u00bb#184059&#8243; background_image=\u00bbhttps:\/\/maurhojimenez.com\/wp-content\/uploads\/2024\/08\/audio-technica-5002626_1920.jpg\u00bb background_blend=\u00bbmultiply\u00bb global_colors_info=\u00bb{}\u00bb][et_pb_row _builder_version=\u00bb4.24.0&#8243; _module_preset=\u00bbdefault\u00bb global_colors_info=\u00bb{}\u00bb][et_pb_column type=\u00bb4_4&#8243; _builder_version=\u00bb4.24.0&#8243; _module_preset=\u00bbdefault\u00bb global_colors_info=\u00bb{}\u00bb][et_pb_text _builder_version=\u00bb4.27.0&#8243; _module_preset=\u00bbdefault\u00bb text_font=\u00bbMontserrat||||||||\u00bb text_text_color=\u00bb#FFFFFF\u00bb text_font_size=\u00bb35px\u00bb text_orientation=\u00bbcenter\u00bb text_font_size_tablet=\u00bb35px\u00bb text_font_size_phone=\u00bb25px\u00bb text_font_size_last_edited=\u00bbon|phone\u00bb text_line_height_tablet=\u00bb\u00bb text_line_height_phone=\u00bb1em\u00bb text_line_height_last_edited=\u00bbon|phone\u00bb locked=\u00bboff\u00bb global_colors_info=\u00bb{}\u00bb]<\/p>\n<p><strong>MY BOOK<br \/><\/strong><\/p>\n<p>[\/et_pb_text][\/et_pb_column][\/et_pb_row][et_pb_row _builder_version=\u00bb4.24.0&#8243; _module_preset=\u00bbdefault\u00bb global_colors_info=\u00bb{}\u00bb][et_pb_column type=\u00bb4_4&#8243; _builder_version=\u00bb4.24.0&#8243; _module_preset=\u00bbdefault\u00bb global_colors_info=\u00bb{}\u00bb][et_pb_text _builder_version=\u00bb4.27.0&#8243; _module_preset=\u00bbdefault\u00bb text_font=\u00bbMontserrat||||||||\u00bb text_text_color=\u00bb#FFFFFF\u00bb text_font_size=\u00bb16px\u00bb text_orientation=\u00bbcenter\u00bb global_colors_info=\u00bb{}\u00bb]<\/p>\n<p>En 2003 hice mi primera actuaci\u00f3n protag\u00f3nico en el cortometraje <strong>\u00abTodo o nada\u00bb<\/strong>, mientras estudiaba teatro, cine, m\u00fasica y artes marciales. Lleg\u00f3 el a\u00f1o 2012 y en adelante comenc\u00e9 a actuar en diferentes producciones de televisi\u00f3n y series como:<\/p>\n<p><strong>\u00a0<\/strong><\/p>\n<p>[\/et_pb_text][\/et_pb_column][\/et_pb_row][\/et_pb_section][et_pb_section fb_built=\u00bb1&#8243; specialty=\u00bbon\u00bb _builder_version=\u00bb4.27.0&#8243; _module_preset=\u00bbdefault\u00bb custom_padding=\u00bb||5px|||\u00bb global_colors_info=\u00bb{}\u00bb][et_pb_column type=\u00bb1_2&#8243; specialty_columns=\u00bb2&#8243; _builder_version=\u00bb4.16&#8243; custom_padding=\u00bb|||\u00bb global_colors_info=\u00bb{}\u00bb custom_padding__hover=\u00bb|||\u00bb][et_pb_row_inner _builder_version=\u00bb4.27.0&#8243; _module_preset=\u00bbdefault\u00bb global_colors_info=\u00bb{}\u00bb][et_pb_column_inner saved_specialty_column_type=\u00bb1_2&#8243; _builder_version=\u00bb4.27.0&#8243; _module_preset=\u00bbdefault\u00bb global_colors_info=\u00bb{}\u00bb][et_pb_text _builder_version=\u00bb4.27.0&#8243; _module_preset=\u00bbdefault\u00bb text_font=\u00bbMontserrat||||||||\u00bb text_text_color=\u00bb#184059&#8243; text_font_size=\u00bb16px\u00bb text_orientation=\u00bbright\u00bb text_orientation_tablet=\u00bbright\u00bb text_orientation_phone=\u00bbcenter\u00bb text_orientation_last_edited=\u00bbon|phone\u00bb locked=\u00bboff\u00bb global_colors_info=\u00bb{}\u00bb]<\/p>\n<p><strong>DYNAMO for NETFLIX:<\/strong> Actor<br \/>Producci\u00f3n: <strong>NARCOS 3a y 5a<\/strong> temporada M\u00e9xico<br \/>Personaje: Manuel &#8211; Pachos \u0301s Boyfriend<\/p>\n<p><strong>CARACOL TV:<\/strong> Actor<br \/>Producci\u00f3n: <strong>LA MAM\u00c1 DEL 10<\/strong> \u2013 Personaje: Periodista Carlos Andrade.<br \/>Producci\u00f3n: <strong>LOQUITO POR TI<\/strong> &#8211; Personaje: Presentador oficial de los latinos.<br \/>Producci\u00f3n: <strong>NICHE<\/strong> \u2013 Personaje: Relacionista Shows.<\/p>\n<p>Producci\u00f3n: <strong>LAS VILLAMIZAR<\/strong> \u2013 Personaje: Ram\u00f3n l\u00edder de los esclavos.<\/p>\n<p><strong>RCN TV:<\/strong> Actor<\/p>\n<p>Producci\u00f3n: <strong>CAF\u00c9 CON AROMA DE MUJER<\/strong> \u2013 Personaje: Widodo.<br \/>Producci\u00f3n: <strong>AZ\u00daCAR<\/strong> \u2013 Personaje: Llavero.<br \/>Producci\u00f3n: <strong>ALL\u00c1 TE ESPERO<\/strong> \u2013 Personaje: Detective.<br \/>Producci\u00f3n: <strong>LA PLAYITA<\/strong> \u2013 Personaje: Radio man.<\/p>\n<p><strong>FOX COLOMBIA:<\/strong> Actor<br \/>Producci\u00f3n: INFIELES \u2013 Personaje protag\u00f3nico: Cabo Rojas Protagonista.<\/p>\n<p><strong>\u00a0<\/strong><\/p>\n<p>[\/et_pb_text][\/et_pb_column_inner][\/et_pb_row_inner][\/et_pb_column][et_pb_column type=\u00bb1_2&#8243; _builder_version=\u00bb4.16&#8243; custom_padding=\u00bb|||\u00bb global_colors_info=\u00bb{}\u00bb custom_padding__hover=\u00bb|||\u00bb][et_pb_image src=\u00bbhttps:\/\/maurhojimenez.com\/wp-content\/uploads\/2024\/08\/Mauro-Jimenez-11-min-min.jpg\u00bb _builder_version=\u00bb4.27.0&#8243; _module_preset=\u00bbdefault\u00bb width=\u00bb85%\u00bb max_width=\u00bb100%\u00bb border_width_all=\u00bb10px\u00bb border_color_all=\u00bb#FFFFFF\u00bb box_shadow_style=\u00bbpreset3&#8243; global_colors_info=\u00bb{}\u00bb][\/et_pb_image][\/et_pb_column][\/et_pb_section][et_pb_section fb_built=\u00bb1&#8243; specialty=\u00bbon\u00bb _builder_version=\u00bb4.27.0&#8243; _module_preset=\u00bbdefault\u00bb custom_margin=\u00bb0px||0px||false|false\u00bb custom_padding=\u00bb0px||0px||false|false\u00bb global_colors_info=\u00bb{}\u00bb][et_pb_column type=\u00bb1_2&#8243; _builder_version=\u00bb4.16&#8243; custom_padding=\u00bb|||\u00bb global_colors_info=\u00bb{}\u00bb custom_padding__hover=\u00bb|||\u00bb][et_pb_image src=\u00bbhttps:\/\/maurhojimenez.com\/wp-content\/uploads\/2024\/08\/Mauro-Jimenez-13-min-min.jpg\u00bb align=\u00bbright\u00bb _builder_version=\u00bb4.27.0&#8243; _module_preset=\u00bbdefault\u00bb width=\u00bb85%\u00bb max_width=\u00bb100%\u00bb border_width_all=\u00bb10px\u00bb border_color_all=\u00bb#FFFFFF\u00bb box_shadow_style=\u00bbpreset3&#8243; locked=\u00bboff\u00bb global_colors_info=\u00bb{}\u00bb][\/et_pb_image][\/et_pb_column][et_pb_column type=\u00bb1_2&#8243; specialty_columns=\u00bb2&#8243; _builder_version=\u00bb4.16&#8243; custom_padding=\u00bb|||\u00bb global_colors_info=\u00bb{}\u00bb custom_padding__hover=\u00bb|||\u00bb][et_pb_row_inner _builder_version=\u00bb4.27.0&#8243; _module_preset=\u00bbdefault\u00bb global_colors_info=\u00bb{}\u00bb][et_pb_column_inner saved_specialty_column_type=\u00bb1_2&#8243; _builder_version=\u00bb4.27.0&#8243; _module_preset=\u00bbdefault\u00bb global_colors_info=\u00bb{}\u00bb][et_pb_text _builder_version=\u00bb4.27.0&#8243; _module_preset=\u00bbdefault\u00bb text_font=\u00bbMontserrat||||||||\u00bb text_text_color=\u00bb#184059&#8243; text_font_size=\u00bb16px\u00bb text_orientation_tablet=\u00bb\u00bb text_orientation_phone=\u00bbcenter\u00bb text_orientation_last_edited=\u00bbon|phone\u00bb locked=\u00bboff\u00bb global_colors_info=\u00bb{}\u00bb]<\/p>\n<p><strong>TELESET:<\/strong> Actor<br \/>\u2022 Producci\u00f3n: <strong>CONTRA LAS CUERDAS<\/strong> Personaje: Boxeador\u00a0Rams\u00e9s (antag\u00f3nico)<br \/>\u2022 Producci\u00f3n: <strong>CORAZONES BLINDADOS<\/strong> Personaje:\u00a0Escolta Bruno bri\u00f1es.<br \/>\u2022 Producci\u00f3n: <strong>MANUAL PARA SER FELIZ<\/strong> Personaje: La<br \/>aplanadora Ru\u00edz.<\/p>\n<p><strong>COLOMBIANA DE TV:<\/strong> Actor<br \/>\u2022 Producci\u00f3n: <strong>MUJRES AL L\u00cdMITE<\/strong> Personajes: Periodista y<br \/>Antagonista principal <strong>CULPABLE y FAN DE MI HIJA<\/strong>.<\/p>\n<p><strong>TELEVIDEO:<\/strong> Actor<br \/>\u2022 Producci\u00f3n:<strong> CHICA VAMPIRO<\/strong> Personaje: Periodista Vampiro<\/p>\n<p><strong>CMO:<\/strong> Actor<br \/>\u2022 Producci\u00f3n: <strong>LA RONCA DE ORO<\/strong> Personaje: Presentador<br \/>reinados y locutor de noticias.<\/p>\n<ul>\n<li>Producci\u00f3n: <strong>LA VENGANZA DE ANAL\u00cdA<\/strong> 2 Personaje: Jorge radio.<br \/>reinados y locutor de noticias.<\/li>\n<\/ul>\n<p><strong>CHONTADURO FILM:<\/strong> Actor protag\u00f3nico de <strong>LA MANTIS.<\/strong><\/p>\n<p><strong>\u00a0<\/strong><\/p>\n<p>[\/et_pb_text][\/et_pb_column_inner][\/et_pb_row_inner][\/et_pb_column][\/et_pb_section][et_pb_section fb_built=\u00bb1&#8243; _builder_version=\u00bb4.27.0&#8243; _module_preset=\u00bbdefault\u00bb background_color=\u00bb#184059&#8243; locked=\u00bboff\u00bb global_colors_info=\u00bb{}\u00bb][et_pb_row _builder_version=\u00bb4.24.0&#8243; _module_preset=\u00bbdefault\u00bb global_colors_info=\u00bb{}\u00bb][et_pb_column type=\u00bb4_4&#8243; _builder_version=\u00bb4.24.0&#8243; _module_preset=\u00bbdefault\u00bb global_colors_info=\u00bb{}\u00bb][et_pb_text _builder_version=\u00bb4.27.0&#8243; _module_preset=\u00bbdefault\u00bb text_font=\u00bbMontserrat||||||||\u00bb text_text_color=\u00bb#FFFFFF\u00bb text_font_size=\u00bb35px\u00bb text_orientation=\u00bbcenter\u00bb text_font_size_tablet=\u00bb35px\u00bb text_font_size_phone=\u00bb25px\u00bb text_font_size_last_edited=\u00bbon|phone\u00bb text_line_height_tablet=\u00bb\u00bb text_line_height_phone=\u00bb1em\u00bb text_line_height_last_edited=\u00bbon|phone\u00bb locked=\u00bboff\u00bb global_colors_info=\u00bb{}\u00bb]<\/p>\n<p><strong>LOCUTOR \/ VOICE OVER<br \/><\/strong><\/p>\n<p>[\/et_pb_text][\/et_pb_column][\/et_pb_row][\/et_pb_section][et_pb_section fb_built=\u00bb1&#8243; specialty=\u00bbon\u00bb _builder_version=\u00bb4.27.0&#8243; _module_preset=\u00bbdefault\u00bb custom_padding=\u00bb||||false|false\u00bb locked=\u00bboff\u00bb global_colors_info=\u00bb{}\u00bb][et_pb_column type=\u00bb1_2&#8243; specialty_columns=\u00bb2&#8243; _builder_version=\u00bb4.16&#8243; custom_padding=\u00bb|||\u00bb global_colors_info=\u00bb{}\u00bb custom_padding__hover=\u00bb|||\u00bb][et_pb_row_inner _builder_version=\u00bb4.27.0&#8243; _module_preset=\u00bbdefault\u00bb global_colors_info=\u00bb{}\u00bb][et_pb_column_inner saved_specialty_column_type=\u00bb1_2&#8243; _builder_version=\u00bb4.27.0&#8243; _module_preset=\u00bbdefault\u00bb global_colors_info=\u00bb{}\u00bb][et_pb_text _builder_version=\u00bb4.27.0&#8243; _module_preset=\u00bbdefault\u00bb text_font=\u00bbMontserrat||||||||\u00bb text_text_color=\u00bb#184059&#8243; text_font_size=\u00bb16px\u00bb text_orientation=\u00bbright\u00bb text_orientation_tablet=\u00bbright\u00bb text_orientation_phone=\u00bbcenter\u00bb text_orientation_last_edited=\u00bbon|phone\u00bb locked=\u00bboff\u00bb global_colors_info=\u00bb{}\u00bb]<\/p>\n<p>20 a\u00f1os de trayectoria en el universo de la voz hablada y su interpretaci\u00f3n !<\/p>\n<p>Estudi\u00e9 comunicaci\u00f3n\u00a0social, publicidad, m\u00fasica, locuci\u00f3n y doblaje, para ofrecer en este tiempo transcurrido y hasta hoy, mi sensibilidad y habilidades adquiridas para mayor anclaje con las marcas que identifico\u00a0con mi voz y locuci\u00f3n institucional.<\/p>\n<p>Entre algunas:<\/p>\n<p><strong>CANAL RCN, CANAL NTN24, CANAL\u00a0NUESTRA TELE INTERNACIONAL, CANAL RCN NOVELAS, MCDONALD&#8217;S, CHEVROLET,<\/strong><br \/><strong>CICATRICURE, VARILUX, SAMSUNG, TOOFLO RADIO, SILK MEDIC, LOGITECH Y MUCHAS M\u00c1S<\/strong> !<\/p>\n<p><strong>\u00a0<\/strong><\/p>\n<p>[\/et_pb_text][et_pb_button button_url=\u00bb@ET-DC@eyJkeW5hbWljIjp0cnVlLCJjb250ZW50IjoicG9zdF9saW5rX3VybF9wYWdlIiwic2V0dGluZ3MiOnsicG9zdF9pZCI6IjYwIn19@\u00bb button_text=\u00bbC\u00f3noce Mis Servicios\u00bb button_alignment=\u00bbcenter\u00bb _builder_version=\u00bb4.27.0&#8243; _dynamic_attributes=\u00bbbutton_url\u00bb _module_preset=\u00bbdefault\u00bb custom_button=\u00bbon\u00bb button_text_color=\u00bb#FFFFFF\u00bb button_bg_color=\u00bb#000000&#8243; button_font=\u00bbMontserrat||||||||\u00bb global_colors_info=\u00bb{}\u00bb][\/et_pb_button][\/et_pb_column_inner][\/et_pb_row_inner][\/et_pb_column][et_pb_column type=\u00bb1_2&#8243; _builder_version=\u00bb4.16&#8243; custom_padding=\u00bb|||\u00bb global_colors_info=\u00bb{}\u00bb custom_padding__hover=\u00bb|||\u00bb][et_pb_image src=\u00bbhttps:\/\/maurhojimenez.com\/wp-content\/uploads\/2024\/08\/Mauro-Jimenez-12-min-min.jpg\u00bb _builder_version=\u00bb4.27.0&#8243; _module_preset=\u00bbdefault\u00bb width=\u00bb85%\u00bb max_width=\u00bb100%\u00bb border_width_all=\u00bb10px\u00bb border_color_all=\u00bb#FFFFFF\u00bb box_shadow_style=\u00bbpreset3&#8243; global_colors_info=\u00bb{}\u00bb][\/et_pb_image][\/et_pb_column][\/et_pb_section]<\/p>\n","protected":false},"excerpt":{"rendered":"<p>MY BOOKEn 2003 hice mi primera actuaci\u00f3n protag\u00f3nico en el cortometraje \u00abTodo o nada\u00bb, mientras estudiaba teatro, cine, m\u00fasica y artes marciales. Lleg\u00f3 el a\u00f1o 2012 y en adelante comenc\u00e9 a actuar en diferentes producciones de televisi\u00f3n y series como: \u00a0DYNAMO for NETFLIX: ActorProducci\u00f3n: NARCOS 3a y 5a temporada M\u00e9xicoPersonaje: Manuel &#8211; Pachos \u0301s Boyfriend [&hellip;]<\/p>\n","protected":false},"author":1,"featured_media":0,"parent":0,"menu_order":0,"comment_status":"closed","ping_status":"closed","template":"","meta":{"_et_pb_use_builder":"on","_et_pb_old_content":"<!-- wp:divi\/placeholder \/-->","_et_gb_content_width":"","footnotes":""},"class_list":["post-55","page","type-page","status-publish","hentry"],"yoast_head":"<!-- This site is optimized with the Yoast SEO plugin v28.3 - https:\/\/yoast.com\/product\/yoast-seo-wordpress\/ -->\n<title>Book - Maurho Jimenez \/ Actor - Voice Talent<\/title>\n<meta name=\"robots\" content=\"index, follow, max-snippet:-1, max-image-preview:large, max-video-preview:-1\" \/>\n<link rel=\"canonical\" href=\"https:\/\/maurhojimenez.com\/book\/\" \/>\n<meta property=\"og:locale\" content=\"es_ES\" \/>\n<meta property=\"og:type\" content=\"article\" \/>\n<meta property=\"og:title\" content=\"Book - Maurho Jimenez \/ Actor - Voice Talent\" \/>\n<meta property=\"og:description\" content=\"MY BOOKEn 2003 hice mi primera actuaci\u00f3n protag\u00f3nico en el cortometraje &quot;Todo o nada&quot;, mientras estudiaba teatro, cine, m\u00fasica y artes marciales. Lleg\u00f3 el a\u00f1o 2012 y en adelante comenc\u00e9 a actuar en diferentes producciones de televisi\u00f3n y series como: \u00a0DYNAMO for NETFLIX: ActorProducci\u00f3n: NARCOS 3a y 5a temporada M\u00e9xicoPersonaje: Manuel - Pachos \u0301s Boyfriend [&hellip;]\" \/>\n<meta property=\"og:url\" content=\"https:\/\/maurhojimenez.com\/book\/\" \/>\n<meta property=\"og:site_name\" content=\"Maurho Jimenez \/ Actor - Voice Talent\" \/>\n<meta property=\"article:modified_time\" content=\"2024-08-21T13:36:32+00:00\" \/>\n<meta name=\"twitter:card\" content=\"summary_large_image\" \/>\n<meta name=\"twitter:label1\" content=\"Tiempo de lectura\" \/>\n\t<meta name=\"twitter:data1\" content=\"6 minutos\" \/>\n<script type=\"application\/ld+json\" class=\"yoast-schema-graph\">{\"@context\":\"https:\\\/\\\/schema.org\",\"@graph\":[{\"@type\":\"WebPage\",\"@id\":\"https:\\\/\\\/maurhojimenez.com\\\/book\\\/\",\"url\":\"https:\\\/\\\/maurhojimenez.com\\\/book\\\/\",\"name\":\"Book - Maurho Jimenez \\\/ Actor - Voice Talent\",\"isPartOf\":{\"@id\":\"https:\\\/\\\/maurhojimenez.com\\\/#website\"},\"datePublished\":\"2024-08-16T16:07:01+00:00\",\"dateModified\":\"2024-08-21T13:36:32+00:00\",\"breadcrumb\":{\"@id\":\"https:\\\/\\\/maurhojimenez.com\\\/book\\\/#breadcrumb\"},\"inLanguage\":\"es\",\"potentialAction\":[{\"@type\":\"ReadAction\",\"target\":[\"https:\\\/\\\/maurhojimenez.com\\\/book\\\/\"]}]},{\"@type\":\"BreadcrumbList\",\"@id\":\"https:\\\/\\\/maurhojimenez.com\\\/book\\\/#breadcrumb\",\"itemListElement\":[{\"@type\":\"ListItem\",\"position\":1,\"name\":\"Home\",\"item\":\"https:\\\/\\\/maurhojimenez.com\\\/\"},{\"@type\":\"ListItem\",\"position\":2,\"name\":\"Book\"}]},{\"@type\":\"WebSite\",\"@id\":\"https:\\\/\\\/maurhojimenez.com\\\/#website\",\"url\":\"https:\\\/\\\/maurhojimenez.com\\\/\",\"name\":\"Maurho Jimenez \\\/ Actor - Voice Talent\",\"description\":\"\",\"publisher\":{\"@id\":\"https:\\\/\\\/maurhojimenez.com\\\/#\\\/schema\\\/person\\\/80a28a778c3060cdd2de8d4cfc8c23d6\"},\"potentialAction\":[{\"@type\":\"SearchAction\",\"target\":{\"@type\":\"EntryPoint\",\"urlTemplate\":\"https:\\\/\\\/maurhojimenez.com\\\/?s={search_term_string}\"},\"query-input\":{\"@type\":\"PropertyValueSpecification\",\"valueRequired\":true,\"valueName\":\"search_term_string\"}}],\"inLanguage\":\"es\"},{\"@type\":[\"Person\",\"Organization\"],\"@id\":\"https:\\\/\\\/maurhojimenez.com\\\/#\\\/schema\\\/person\\\/80a28a778c3060cdd2de8d4cfc8c23d6\",\"name\":\"maurhojimenez\",\"image\":{\"@type\":\"ImageObject\",\"inLanguage\":\"es\",\"@id\":\"https:\\\/\\\/maurhojimenez.com\\\/wp-content\\\/uploads\\\/2024\\\/08\\\/Logo-Banner-Menu-Maurho-Jimenez-min-min.png\",\"url\":\"https:\\\/\\\/maurhojimenez.com\\\/wp-content\\\/uploads\\\/2024\\\/08\\\/Logo-Banner-Menu-Maurho-Jimenez-min-min.png\",\"contentUrl\":\"https:\\\/\\\/maurhojimenez.com\\\/wp-content\\\/uploads\\\/2024\\\/08\\\/Logo-Banner-Menu-Maurho-Jimenez-min-min.png\",\"width\":590,\"height\":200,\"caption\":\"maurhojimenez\"},\"logo\":{\"@id\":\"https:\\\/\\\/maurhojimenez.com\\\/wp-content\\\/uploads\\\/2024\\\/08\\\/Logo-Banner-Menu-Maurho-Jimenez-min-min.png\"},\"sameAs\":[\"https:\\\/\\\/maurhojimenez.com\"]}]}<\/script>\n<!-- \/ Yoast SEO plugin. -->","yoast_head_json":{"title":"Book - Maurho Jimenez \/ Actor - Voice Talent","robots":{"index":"index","follow":"follow","max-snippet":"max-snippet:-1","max-image-preview":"max-image-preview:large","max-video-preview":"max-video-preview:-1"},"canonical":"https:\/\/maurhojimenez.com\/book\/","og_locale":"es_ES","og_type":"article","og_title":"Book - Maurho Jimenez \/ Actor - Voice Talent","og_description":"MY BOOKEn 2003 hice mi primera actuaci\u00f3n protag\u00f3nico en el cortometraje \"Todo o nada\", mientras estudiaba teatro, cine, m\u00fasica y artes marciales. Lleg\u00f3 el a\u00f1o 2012 y en adelante comenc\u00e9 a actuar en diferentes producciones de televisi\u00f3n y series como: \u00a0DYNAMO for NETFLIX: ActorProducci\u00f3n: NARCOS 3a y 5a temporada M\u00e9xicoPersonaje: Manuel - Pachos \u0301s Boyfriend [&hellip;]","og_url":"https:\/\/maurhojimenez.com\/book\/","og_site_name":"Maurho Jimenez \/ Actor - Voice Talent","article_modified_time":"2024-08-21T13:36:32+00:00","twitter_card":"summary_large_image","twitter_misc":{"Tiempo de lectura":"6 minutos"},"schema":{"@context":"https:\/\/schema.org","@graph":[{"@type":"WebPage","@id":"https:\/\/maurhojimenez.com\/book\/","url":"https:\/\/maurhojimenez.com\/book\/","name":"Book - Maurho Jimenez \/ Actor - Voice Talent","isPartOf":{"@id":"https:\/\/maurhojimenez.com\/#website"},"datePublished":"2024-08-16T16:07:01+00:00","dateModified":"2024-08-21T13:36:32+00:00","breadcrumb":{"@id":"https:\/\/maurhojimenez.com\/book\/#breadcrumb"},"inLanguage":"es","potentialAction":[{"@type":"ReadAction","target":["https:\/\/maurhojimenez.com\/book\/"]}]},{"@type":"BreadcrumbList","@id":"https:\/\/maurhojimenez.com\/book\/#breadcrumb","itemListElement":[{"@type":"ListItem","position":1,"name":"Home","item":"https:\/\/maurhojimenez.com\/"},{"@type":"ListItem","position":2,"name":"Book"}]},{"@type":"WebSite","@id":"https:\/\/maurhojimenez.com\/#website","url":"https:\/\/maurhojimenez.com\/","name":"Maurho Jimenez \/ Actor - Voice Talent","description":"","publisher":{"@id":"https:\/\/maurhojimenez.com\/#\/schema\/person\/80a28a778c3060cdd2de8d4cfc8c23d6"},"potentialAction":[{"@type":"SearchAction","target":{"@type":"EntryPoint","urlTemplate":"https:\/\/maurhojimenez.com\/?s={search_term_string}"},"query-input":{"@type":"PropertyValueSpecification","valueRequired":true,"valueName":"search_term_string"}}],"inLanguage":"es"},{"@type":["Person","Organization"],"@id":"https:\/\/maurhojimenez.com\/#\/schema\/person\/80a28a778c3060cdd2de8d4cfc8c23d6","name":"maurhojimenez","image":{"@type":"ImageObject","inLanguage":"es","@id":"https:\/\/maurhojimenez.com\/wp-content\/uploads\/2024\/08\/Logo-Banner-Menu-Maurho-Jimenez-min-min.png","url":"https:\/\/maurhojimenez.com\/wp-content\/uploads\/2024\/08\/Logo-Banner-Menu-Maurho-Jimenez-min-min.png","contentUrl":"https:\/\/maurhojimenez.com\/wp-content\/uploads\/2024\/08\/Logo-Banner-Menu-Maurho-Jimenez-min-min.png","width":590,"height":200,"caption":"maurhojimenez"},"logo":{"@id":"https:\/\/maurhojimenez.com\/wp-content\/uploads\/2024\/08\/Logo-Banner-Menu-Maurho-Jimenez-min-min.png"},"sameAs":["https:\/\/maurhojimenez.com"]}]}},"_links":{"self":[{"href":"https:\/\/maurhojimenez.com\/index.php?rest_route=\/wp\/v2\/pages\/55","targetHints":{"allow":["GET"]}}],"collection":[{"href":"https:\/\/maurhojimenez.com\/index.php?rest_route=\/wp\/v2\/pages"}],"about":[{"href":"https:\/\/maurhojimenez.com\/index.php?rest_route=\/wp\/v2\/types\/page"}],"author":[{"embeddable":true,"href":"https:\/\/maurhojimenez.com\/index.php?rest_route=\/wp\/v2\/users\/1"}],"replies":[{"embeddable":true,"href":"https:\/\/maurhojimenez.com\/index.php?rest_route=%2Fwp%2Fv2%2Fcomments&post=55"}],"version-history":[{"count":0,"href":"https:\/\/maurhojimenez.com\/index.php?rest_route=\/wp\/v2\/pages\/55\/revisions"}],"wp:attachment":[{"href":"https:\/\/maurhojimenez.com\/index.php?rest_route=%2Fwp%2Fv2%2Fmedia&parent=55"}],"curies":[{"name":"wp","href":"https:\/\/api.w.org\/{rel}","templated":true}]}}